{"version":"1.0","provider_name":"Global Alliance of Territorial Communities","provider_url":"https:\/\/globalalliance.me\/fr\/","author_name":"GATC","author_url":"https:\/\/globalalliance.me\/fr\/author\/skygoodwebworks-com\/","title":"COP28 - Alliance globale des collectivit\u00e9s territoriales","type":"rich","width":600,"height":338,"html":"<blockquote class=\"wp-embedded-content\" data-secret=\"ZYnto8EOKh\"><a href=\"https:\/\/globalalliance.me\/fr\/nouvelles-evenements\/cop28\/\">COP28<\/a><\/blockquote><iframe sandbox=\"allow-scripts\" security=\"restricted\" src=\"https:\/\/globalalliance.me\/fr\/nouvelles-evenements\/cop28\/embed\/#?secret=ZYnto8EOKh\" width=\"600\" height=\"338\" title=\"\u00ab\u00a0COP28\u00a0\u00bb &#8212; Global Alliance of Territorial Communities\" data-secret=\"ZYnto8EOKh\" frameborder=\"0\" marginwidth=\"0\" marginheight=\"0\" scrolling=\"no\" class=\"wp-embedded-content\"><\/iframe><script type=\"text\/javascript\">\n\/* <![CDATA[ *\/\n\/*! This file is auto-generated *\/\n!function(d,l){\"use strict\";l.querySelector&&d.addEventListener&&\"undefined\"!=typeof URL&&(d.wp=d.wp||{},d.wp.receiveEmbedMessage||(d.wp.receiveEmbedMessage=function(e){var t=e.data;if((t||t.secret||t.message||t.value)&&!\/[^a-zA-Z0-9]\/.test(t.secret)){for(var s,r,n,a=l.querySelectorAll('iframe[data-secret=\"'+t.secret+'\"]'),o=l.querySelectorAll('blockquote[data-secret=\"'+t.secret+'\"]'),c=new RegExp(\"^https?:$\",\"i\"),i=0;i<o.length;i++)o[i].style.display=\"none\";for(i=0;i<a.length;i++)s=a[i],e.source===s.contentWindow&&(s.removeAttribute(\"style\"),\"height\"===t.message?(1e3<(r=parseInt(t.value,10))?r=1e3:~~r<200&&(r=200),s.height=r):\"link\"===t.message&&(r=new URL(s.getAttribute(\"src\")),n=new URL(t.value),c.test(n.protocol))&&n.host===r.host&&l.activeElement===s&&(d.top.location.href=t.value))}},d.addEventListener(\"message\",d.wp.receiveEmbedMessage,!1),l.addEventListener(\"DOMContentLoaded\",function(){for(var e,t,s=l.querySelectorAll(\"iframe.wp-embedded-content\"),r=0;r<s.length;r++)(t=(e=s[r]).getAttribute(\"data-secret\"))||(t=Math.random().toString(36).substring(2,12),e.src+=\"#?secret=\"+t,e.setAttribute(\"data-secret\",t)),e.contentWindow.postMessage({message:\"ready\",secret:t},\"*\")},!1)))}(window,document);\n\/\/# sourceURL=https:\/\/globalalliance.me\/wp-includes\/js\/wp-embed.min.js\n\/* ]]> *\/\n<\/script>\n","thumbnail_url":"https:\/\/globalalliance.me\/wp-content\/uploads\/2023\/11\/cop28-group-countdown.jpg","thumbnail_width":2400,"thumbnail_height":1600,"description":"L\u2019Alliance mondiale est pr\u00eate \u00e0 occuper le devant de la sc\u00e8ne lors de la COP28. Nous, les peuples autochtones et les communaut\u00e9s locales, devons \u00eatre inclus dans les discussions sur le changement climatique."}